{"id":8664,"date":"2022-02-08T05:45:36","date_gmt":"2022-02-08T05:45:36","guid":{"rendered":"https:\/\/www.inversionesynegociosconecta.com\/conecta\/?page_id=8664"},"modified":"2023-05-15T01:25:38","modified_gmt":"2023-05-15T01:25:38","slug":"blog-listings","status":"publish","type":"page","link":"https:\/\/www.inversionesynegociosconecta.com\/conecta\/blog-listings\/","title":{"rendered":"Blog listings"},"content":{"rendered":"\t\t<div data-elementor-type=\"wp-page\" data-elementor-id=\"8664\" class=\"elementor elementor-8664\">\n\t\t\t\t\t\t<section class=\"elementor-section elementor-top-section elementor-element elementor-element-17c70ae elementor-section-full_width elementor-section-height-default elementor-section-height-default\" data-id=\"17c70ae\" data-element_type=\"section\" data-settings=\"{&quot;background_background&quot;:&quot;classic&quot;}\">\n\t\t\t\t\t\t<div class=\"elementor-container elementor-column-gap-default\">\n\t\t\t\t\t<div class=\"elementor-column elementor-col-100 elementor-top-column elementor-element elementor-element-8e93667\" data-id=\"8e93667\" data-element_type=\"column\">\n\t\t\t<div class=\"elementor-widget-wrap elementor-element-populated\">\n\t\t\t\t\t\t<div class=\"elementor-element elementor-element-bfd9444 elementor-widget elementor-widget-slider_revolution\" data-id=\"bfd9444\" data-element_type=\"widget\" data-widget_type=\"slider_revolution.default\">\n\t\t\t\t<div class=\"elementor-widget-container\">\n\t\t\t\t\t\r\n\t\t<div class=\"wp-block-themepunch-revslider\">\n\t\t\t<!-- START Superbannerdown REVOLUTION SLIDER 6.5.17 --><p class=\"rs-p-wp-fix\"><\/p>\n\t\t\t<rs-module-wrap id=\"rev_slider_1_1_wrapper\" data-source=\"gallery\" style=\"visibility:hidden;background:transparent;padding:0;margin:0px auto;margin-top:0;margin-bottom:0;\">\n\t\t\t\t<rs-module id=\"rev_slider_1_1\" style=\"\" data-version=\"6.5.17\">\n\t\t\t\t\t<rs-slides>\n\t\t\t\t\t\t<rs-slide style=\"position: absolute;\" data-key=\"rs-1\" data-title=\"Slide\" data-in=\"o:0;\" data-out=\"a:false;\">\n\t\t\t\t\t\t\t<img decoding=\"async\" src=\"\/\/www.inversionesynegociosconecta.com\/conecta\/wp-content\/plugins\/revslider\/public\/assets\/assets\/dummy.png\" alt=\"Slide\" title=\"Blog listings\" class=\"rev-slidebg tp-rs-img rs-lazyload\" data-lazyload=\"\/\/www.inversionesynegociosconecta.com\/conecta\/wp-content\/plugins\/revslider\/public\/assets\/assets\/transparent.png\" data-bg=\"c:#000000;\" data-no-retina>\n<!--\n\t\t\t\t\t\t\t--><rs-layer\n\t\t\t\t\t\t\t\tid=\"slider-1-slide-1-layer-0\" \n\t\t\t\t\t\t\t\tdata-type=\"image\"\n\t\t\t\t\t\t\t\tdata-rsp_ch=\"on\"\n\t\t\t\t\t\t\t\tdata-text=\"w:normal;s:20,15,11,6;l:0,18,13,8;\"\n\t\t\t\t\t\t\t\tdata-dim=\"w:1350px,1024px,778px,480px;h:250px,189px,143px,88px;\"\n\t\t\t\t\t\t\t\tdata-frame_999=\"o:0;st:w;\"\n\t\t\t\t\t\t\t\tstyle=\"z-index:5;\"\n\t\t\t\t\t\t\t><img fetchpriority=\"high\" decoding=\"async\" src=\"\/\/www.inversionesynegociosconecta.com\/conecta\/wp-content\/plugins\/revslider\/public\/assets\/assets\/dummy.png\" alt=\"\" class=\"tp-rs-img rs-lazyload\" width=\"1350\" height=\"250\" data-lazyload=\"\/\/www.inversionesynegociosconecta.com\/conecta\/wp-content\/uploads\/2023\/05\/superbanner-iync-final.gif\" data-no-retina> \n\t\t\t\t\t\t\t<\/rs-layer><!--\n-->\t\t\t\t\t\t<\/rs-slide>\n\t\t\t\t\t<\/rs-slides>\n\t\t\t\t<\/rs-module>\n\t\t\t\t<script>\n\t\t\t\t\tsetREVStartSize({c: 'rev_slider_1_1',rl:[1240,1024,778,480],el:[250,200,150,100],gw:[1350,1024,778,480],gh:[250,200,150,100],type:'standard',justify:'',layout:'fullwidth',mh:\"0\"});if (window.RS_MODULES!==undefined && window.RS_MODULES.modules!==undefined && window.RS_MODULES.modules[\"revslider11\"]!==undefined) {window.RS_MODULES.modules[\"revslider11\"].once = false;window.revapi1 = undefined;if (window.RS_MODULES.checkMinimal!==undefined) window.RS_MODULES.checkMinimal()}\n\t\t\t\t<\/script>\n\t\t\t<\/rs-module-wrap>\n\t\t\t<!-- END REVOLUTION SLIDER -->\n<\/div>\r\n\r\n\t\t\t\t\t\t<\/div>\n\t\t\t\t<\/div>\n\t\t\t\t\t<\/div>\n\t\t<\/div>\n\t\t\t\t\t<\/div>\n\t\t<\/section>\n\t\t\t\t<section class=\"elementor-section elementor-top-section elementor-element elementor-element-65c0e0d elementor-section-boxed elementor-section-height-default elementor-section-height-default\" data-id=\"65c0e0d\" data-element_type=\"section\">\n\t\t\t\t\t\t<div class=\"elementor-container elementor-column-gap-no\">\n\t\t\t\t\t<div class=\"elementor-column elementor-col-100 elementor-top-column elementor-element elementor-element-ab070cb\" data-id=\"ab070cb\" data-element_type=\"column\">\n\t\t\t<div class=\"elementor-widget-wrap elementor-element-populated\">\n\t\t\t\t\t\t<div class=\"elementor-element elementor-element-78c0d3d elementor-widget elementor-widget-servento_latest_post\" data-id=\"78c0d3d\" data-element_type=\"widget\" data-widget_type=\"servento_latest_post.default\">\n\t\t\t\t<div class=\"elementor-widget-container\">\n\t\t\t\t\t            <div class=\"sv-posts-section\">\r\n                <div class=\"container\">\r\n                                            <div class=\"sv-maintitlev2\">\r\n                            <h2>Explora las \u00faltimas tendencias en Inversiones y Negocios<\/h2>\r\n                        <\/div>\r\n                                        <div class=\"row\">\r\n                                                            <div class=\"col-md-6 col-xl-4\">\r\n                                        <div class=\"sv-blog-main\">\r\n                                                                                            <figure class=\"sv-blog-image\">\r\n                                                    <a href=\"https:\/\/www.inversionesynegociosconecta.com\/conecta\/fortaleciendo-la-competitividad-de-las-mipymes\/\">\r\n                                                        <img decoding=\"async\" src=\"https:\/\/www.inversionesynegociosconecta.com\/conecta\/wp-content\/uploads\/2023\/05\/Artesano-Digital-2-1024x682-1-416x300.jpg\" alt=\"Fortaleciendo la competitividad de las MiPyMes\">\r\n                                                    <\/a>\r\n                                                <\/figure>\r\n                                                                                        <div class=\"sv-blogs-section\">\r\n                                                <ul class=\"sv-tags\"><li><a href=\"https:\/\/www.inversionesynegociosconecta.com\/conecta\/category\/actualidad\/\" rel=\"tag\">Actualidad<\/a><\/li> <li><a href=\"https:\/\/www.inversionesynegociosconecta.com\/conecta\/category\/negocios\/\" rel=\"tag\">Negocios<\/a><\/li><\/ul>                                                                                                    <h4><a href=\"https:\/\/www.inversionesynegociosconecta.com\/conecta\/fortaleciendo-la-competitividad-de-las-mipymes\/\">Fortaleciendo la competitividad de las MiPyMes<\/a><\/h4>\r\n                                                                                                                                                    <p>Con el prop\u00f3sito de aumentar la competitividad de las micro, peque\u00f1as y medianas empresas paname\u00f1as, a trav\u00e9s de la capacitaci\u00f3n y desarrollo<\/p>\r\n                                                                                            <\/div>\r\n                                        <\/div>\r\n                                    <\/div>\r\n                                                                    <div class=\"col-md-6 col-xl-4\">\r\n                                        <div class=\"sv-blog-main\">\r\n                                                                                            <figure class=\"sv-blog-image\">\r\n                                                    <a href=\"https:\/\/www.inversionesynegociosconecta.com\/conecta\/inversiones-sem-alcanzan-los-13-5-millones-en-los-primeros-5-meses-de-2023\/\">\r\n                                                        <img decoding=\"async\" src=\"https:\/\/www.inversionesynegociosconecta.com\/conecta\/wp-content\/uploads\/2023\/05\/ciudad-panama-agostojpg-416x300.webp\" alt=\"Inversiones SEM alcanzan los 13.5 millones en los primeros 5 meses de 2023\">\r\n                                                    <\/a>\r\n                                                <\/figure>\r\n                                                                                        <div class=\"sv-blogs-section\">\r\n                                                <ul class=\"sv-tags\"><li><a href=\"https:\/\/www.inversionesynegociosconecta.com\/conecta\/category\/actualidad\/\" rel=\"tag\">Actualidad<\/a><\/li> <li><a href=\"https:\/\/www.inversionesynegociosconecta.com\/conecta\/category\/inversiones\/\" rel=\"tag\">Inversiones<\/a><\/li><\/ul>                                                                                                    <h4><a href=\"https:\/\/www.inversionesynegociosconecta.com\/conecta\/inversiones-sem-alcanzan-los-13-5-millones-en-los-primeros-5-meses-de-2023\/\">Inversiones SEM alcanzan los 13.5 millones en los primeros 5 meses de 2023<\/a><\/h4>\r\n                                                                                                                                                    <p>La Comisi\u00f3n de Sedes de Empresas Multinacionales (SEM) aprob\u00f3 este jueves tres nuevas licencias dentro del r\u00e9gimen a empresas originarias de Liberia,<\/p>\r\n                                                                                            <\/div>\r\n                                        <\/div>\r\n                                    <\/div>\r\n                                                                    <div class=\"col-md-6 col-xl-4\">\r\n                                        <div class=\"sv-blog-main\">\r\n                                                                                            <figure class=\"sv-blog-image\">\r\n                                                    <a href=\"https:\/\/www.inversionesynegociosconecta.com\/conecta\/mici-continua-con-la-hoja-de-ruta-del-pnrs-publico-privado-2020-2030\/\">\r\n                                                        <img decoding=\"async\" src=\"https:\/\/www.inversionesynegociosconecta.com\/conecta\/wp-content\/uploads\/2023\/05\/64011-416x300.jpg\" alt=\"MICI contin\u00faa con la hoja de ruta del PNRS P\u00fablico Privado 2020-2030\">\r\n                                                    <\/a>\r\n                                                <\/figure>\r\n                                                                                        <div class=\"sv-blogs-section\">\r\n                                                <ul class=\"sv-tags\"><li><a href=\"https:\/\/www.inversionesynegociosconecta.com\/conecta\/category\/actualidad\/\" rel=\"tag\">Actualidad<\/a><\/li> <li><a href=\"https:\/\/www.inversionesynegociosconecta.com\/conecta\/category\/inversiones\/\" rel=\"tag\">Inversiones<\/a><\/li> <li><a href=\"https:\/\/www.inversionesynegociosconecta.com\/conecta\/category\/negocios\/\" rel=\"tag\">Negocios<\/a><\/li><\/ul>                                                                                                    <h4><a href=\"https:\/\/www.inversionesynegociosconecta.com\/conecta\/mici-continua-con-la-hoja-de-ruta-del-pnrs-publico-privado-2020-2030\/\">MICI contin\u00faa con la hoja de ruta del PNRS P\u00fablico Privado 2020-2030<\/a><\/h4>\r\n                                                                                                                                                    <p>Ratificando su compromiso con la consecuci\u00f3n del Plan Nacional de Responsabilidad Social (PNRS) P\u00fablico privado y derechos humanos 2020 \u2013 2030 el<\/p>\r\n                                                                                            <\/div>\r\n                                        <\/div>\r\n                                    <\/div>\r\n                                                                    <div class=\"col-md-6 col-xl-4\">\r\n                                        <div class=\"sv-blog-main\">\r\n                                                                                            <figure class=\"sv-blog-image\">\r\n                                                    <a href=\"https:\/\/www.inversionesynegociosconecta.com\/conecta\/panama-atrae-interes-de-inversionistas-extranjeros-en-reunion-mundial-de-zonas-francas\/\">\r\n                                                        <img decoding=\"async\" src=\"https:\/\/www.inversionesynegociosconecta.com\/conecta\/wp-content\/uploads\/2023\/05\/Autridades-en-Reunion-Anual-Mundial-de-Zonas-Francas-1024x682-1-416x300.jpg\" alt=\"Panam\u00e1 atrae inter\u00e9s de inversionistas extranjeros en reuni\u00f3n mundial de zonas francas\">\r\n                                                    <\/a>\r\n                                                <\/figure>\r\n                                                                                        <div class=\"sv-blogs-section\">\r\n                                                <ul class=\"sv-tags\"><li><a href=\"https:\/\/www.inversionesynegociosconecta.com\/conecta\/category\/actualidad\/\" rel=\"tag\">Actualidad<\/a><\/li> <li><a href=\"https:\/\/www.inversionesynegociosconecta.com\/conecta\/category\/eventos\/\" rel=\"tag\">Eventos<\/a><\/li> <li><a href=\"https:\/\/www.inversionesynegociosconecta.com\/conecta\/category\/internacional\/\" rel=\"tag\">Internacional<\/a><\/li> <li><a href=\"https:\/\/www.inversionesynegociosconecta.com\/conecta\/category\/inversiones\/\" rel=\"tag\">Inversiones<\/a><\/li> <li><a href=\"https:\/\/www.inversionesynegociosconecta.com\/conecta\/category\/negocios\/\" rel=\"tag\">Negocios<\/a><\/li><\/ul>                                                                                                    <h4><a href=\"https:\/\/www.inversionesynegociosconecta.com\/conecta\/panama-atrae-interes-de-inversionistas-extranjeros-en-reunion-mundial-de-zonas-francas\/\">Panam\u00e1 atrae inter\u00e9s de inversionistas extranjeros en reuni\u00f3n mundial de zonas francas<\/a><\/h4>\r\n                                                                                                                                                    <p>El viceministro de Comercio Exterior, Juan Carlos Sosa, y la directora general de Zonas Francas del Ministerio de Comercio e Industrias (MICI),<\/p>\r\n                                                                                            <\/div>\r\n                                        <\/div>\r\n                                    <\/div>\r\n                                                                    <div class=\"col-md-6 col-xl-4\">\r\n                                        <div class=\"sv-blog-main\">\r\n                                                                                            <figure class=\"sv-blog-image\">\r\n                                                    <a href=\"https:\/\/www.inversionesynegociosconecta.com\/conecta\/presentan-avances-del-pais-en-atraccion-de-inversiones-sostenibles-en-step-caribbean-2023\/\">\r\n                                                        <img decoding=\"async\" src=\"https:\/\/www.inversionesynegociosconecta.com\/conecta\/wp-content\/uploads\/2023\/05\/STEP-2023-1024x682-1-416x300.jpeg\" alt=\"Presentan avances del pa\u00eds en atracci\u00f3n de inversiones sostenibles en STEP Caribbean 2023\">\r\n                                                    <\/a>\r\n                                                <\/figure>\r\n                                                                                        <div class=\"sv-blogs-section\">\r\n                                                <ul class=\"sv-tags\"><li><a href=\"https:\/\/www.inversionesynegociosconecta.com\/conecta\/category\/actualidad\/\" rel=\"tag\">Actualidad<\/a><\/li> <li><a href=\"https:\/\/www.inversionesynegociosconecta.com\/conecta\/category\/inversiones\/\" rel=\"tag\">Inversiones<\/a><\/li> <li><a href=\"https:\/\/www.inversionesynegociosconecta.com\/conecta\/category\/negocios\/\" rel=\"tag\">Negocios<\/a><\/li><\/ul>                                                                                                    <h4><a href=\"https:\/\/www.inversionesynegociosconecta.com\/conecta\/presentan-avances-del-pais-en-atraccion-de-inversiones-sostenibles-en-step-caribbean-2023\/\">Presentan avances del pa\u00eds en atracci\u00f3n de inversiones sostenibles en STEP Caribbean 2023<\/a><\/h4>\r\n                                                                                                                                                    <p>El ministro de Comercio e Industrias, Federico Alfaro Boyd particip\u00f3 de la inauguraci\u00f3n del STEP Caribbean Conference 2023, cuya realizaci\u00f3n refuerza el<\/p>\r\n                                                                                            <\/div>\r\n                                        <\/div>\r\n                                    <\/div>\r\n                                                    <\/div>\r\n                                    <\/div>\r\n            <\/div>\r\n            \t\t\t\t<\/div>\n\t\t\t\t<\/div>\n\t\t\t\t\t<\/div>\n\t\t<\/div>\n\t\t\t\t\t<\/div>\n\t\t<\/section>\n\t\t\t\t<section class=\"elementor-section elementor-top-section elementor-element elementor-element-4249922 elementor-section-full_width elementor-section-height-default elementor-section-height-default\" data-id=\"4249922\" data-element_type=\"section\" data-settings=\"{&quot;background_background&quot;:&quot;classic&quot;}\">\n\t\t\t\t\t\t<div class=\"elementor-container elementor-column-gap-default\">\n\t\t\t\t\t<div class=\"elementor-column elementor-col-100 elementor-top-column elementor-element elementor-element-84eedd6\" data-id=\"84eedd6\" data-element_type=\"column\">\n\t\t\t<div class=\"elementor-widget-wrap elementor-element-populated\">\n\t\t\t\t\t\t<div class=\"elementor-element elementor-element-c6a3000 elementor-widget elementor-widget-slider_revolution\" data-id=\"c6a3000\" data-element_type=\"widget\" data-widget_type=\"slider_revolution.default\">\n\t\t\t\t<div class=\"elementor-widget-container\">\n\t\t\t\t\t\r\n\t\t<div class=\"wp-block-themepunch-revslider\">\n\t\t\t<!-- START Superbannerdown REVOLUTION SLIDER 6.5.17 --><p class=\"rs-p-wp-fix\"><\/p>\n\t\t\t<rs-module-wrap id=\"rev_slider_1_2_wrapper\" data-source=\"gallery\" style=\"visibility:hidden;background:transparent;padding:0;margin:0px auto;margin-top:0;margin-bottom:0;\">\n\t\t\t\t<rs-module id=\"rev_slider_1_2\" style=\"\" data-version=\"6.5.17\">\n\t\t\t\t\t<rs-slides>\n\t\t\t\t\t\t<rs-slide style=\"position: absolute;\" data-key=\"rs-1\" data-title=\"Slide\" data-in=\"o:0;\" data-out=\"a:false;\">\n\t\t\t\t\t\t\t<img decoding=\"async\" src=\"\/\/www.inversionesynegociosconecta.com\/conecta\/wp-content\/plugins\/revslider\/public\/assets\/assets\/dummy.png\" alt=\"Slide\" title=\"Presentan avances del pa\u00eds en atracci\u00f3n de inversiones sostenibles en STEP Caribbean 2023\" class=\"rev-slidebg tp-rs-img rs-lazyload\" data-lazyload=\"\/\/www.inversionesynegociosconecta.com\/conecta\/wp-content\/plugins\/revslider\/public\/assets\/assets\/transparent.png\" data-bg=\"c:#000000;\" data-no-retina>\n<!--\n\t\t\t\t\t\t\t--><rs-layer\n\t\t\t\t\t\t\t\tid=\"slider-1-slide-1-layer-0\" \n\t\t\t\t\t\t\t\tdata-type=\"image\"\n\t\t\t\t\t\t\t\tdata-rsp_ch=\"on\"\n\t\t\t\t\t\t\t\tdata-text=\"w:normal;s:20,15,11,6;l:0,18,13,8;\"\n\t\t\t\t\t\t\t\tdata-dim=\"w:1350px,1024px,778px,480px;h:250px,189px,143px,88px;\"\n\t\t\t\t\t\t\t\tdata-frame_999=\"o:0;st:w;\"\n\t\t\t\t\t\t\t\tstyle=\"z-index:5;\"\n\t\t\t\t\t\t\t><img fetchpriority=\"high\" decoding=\"async\" src=\"\/\/www.inversionesynegociosconecta.com\/conecta\/wp-content\/plugins\/revslider\/public\/assets\/assets\/dummy.png\" alt=\"\" class=\"tp-rs-img rs-lazyload\" width=\"1350\" height=\"250\" data-lazyload=\"\/\/www.inversionesynegociosconecta.com\/conecta\/wp-content\/uploads\/2023\/05\/superbanner-iync-final.gif\" data-no-retina> \n\t\t\t\t\t\t\t<\/rs-layer><!--\n-->\t\t\t\t\t\t<\/rs-slide>\n\t\t\t\t\t<\/rs-slides>\n\t\t\t\t<\/rs-module>\n\t\t\t\t<script>\n\t\t\t\t\tsetREVStartSize({c: 'rev_slider_1_2',rl:[1240,1024,778,480],el:[250,200,150,100],gw:[1350,1024,778,480],gh:[250,200,150,100],type:'standard',justify:'',layout:'fullwidth',mh:\"0\"});if (window.RS_MODULES!==undefined && window.RS_MODULES.modules!==undefined && window.RS_MODULES.modules[\"revslider12\"]!==undefined) {window.RS_MODULES.modules[\"revslider12\"].once = false;window.revapi1_2 = undefined;if (window.RS_MODULES.checkMinimal!==undefined) window.RS_MODULES.checkMinimal()}\n\t\t\t\t<\/script>\n\t\t\t<\/rs-module-wrap>\n\t\t\t<!-- END REVOLUTION SLIDER -->\n<\/div>\r\n\r\n\t\t\t\t\t\t<\/div>\n\t\t\t\t<\/div>\n\t\t\t\t\t<\/div>\n\t\t<\/div>\n\t\t\t\t\t<\/div>\n\t\t<\/section>\n\t\t\t\t<\/div>\n\t\t","protected":false},"excerpt":{"rendered":"<p>Explora las \u00faltimas tendencias en Inversiones y Negocios Actualidad Negocios Fortaleciendo la competitividad de las MiPyMes Con el prop\u00f3sito de aumentar la<\/p>\n","protected":false},"author":1,"featured_media":0,"parent":0,"menu_order":0,"comment_status":"closed","ping_status":"closed","template":"","meta":{"footnotes":""},"class_list":["post-8664","page","type-page","status-publish","hentry"],"_links":{"self":[{"href":"https:\/\/www.inversionesynegociosconecta.com\/conecta\/wp-json\/wp\/v2\/pages\/8664","targetHints":{"allow":["GET"]}}],"collection":[{"href":"https:\/\/www.inversionesynegociosconecta.com\/conecta\/wp-json\/wp\/v2\/pages"}],"about":[{"href":"https:\/\/www.inversionesynegociosconecta.com\/conecta\/wp-json\/wp\/v2\/types\/page"}],"author":[{"embeddable":true,"href":"https:\/\/www.inversionesynegociosconecta.com\/conecta\/wp-json\/wp\/v2\/users\/1"}],"replies":[{"embeddable":true,"href":"https:\/\/www.inversionesynegociosconecta.com\/conecta\/wp-json\/wp\/v2\/comments?post=8664"}],"version-history":[{"count":6,"href":"https:\/\/www.inversionesynegociosconecta.com\/conecta\/wp-json\/wp\/v2\/pages\/8664\/revisions"}],"predecessor-version":[{"id":8885,"href":"https:\/\/www.inversionesynegociosconecta.com\/conecta\/wp-json\/wp\/v2\/pages\/8664\/revisions\/8885"}],"wp:attachment":[{"href":"https:\/\/www.inversionesynegociosconecta.com\/conecta\/wp-json\/wp\/v2\/media?parent=8664"}],"curies":[{"name":"wp","href":"https:\/\/api.w.org\/{rel}","templated":true}]}}